{"id":2252,"date":"2024-03-12T12:14:17","date_gmt":"2024-03-12T11:14:17","guid":{"rendered":"https:\/\/lamellegno.it\/?post_type=prodotto&#038;p=2252"},"modified":"2025-03-07T17:15:01","modified_gmt":"2025-03-07T16:15:01","slug":"roble-europeo","status":"publish","type":"prodotto","link":"https:\/\/lamellegno.it\/es\/prodotto\/roble-europeo\/","title":{"rendered":"Roble Europeo"},"content":{"rendered":"\n<p><strong>DENOMINACI\u00f3N CIENT\u00edFICA<\/strong><br>Quercus spp.<br><br><strong>DESCRIPCIONES F\u00edSICAS Y MEC\u00c1NICAS<\/strong><br><strong>Textura<\/strong>:\u00a0\u00a0Gruesa\u2028<br><strong>Fibra<\/strong>:\u00a0Bastante recta y regular<br><strong>Peso espec\u00edfico medio<\/strong>:\u00a0720-800 kg\/m3\u2028<br><strong>Contracci\u00f3n<\/strong>: De medio a elevado\u2028<br><strong>Nerviosidad:<\/strong>\u00a0Alta \u2028<br><strong>Dureza<\/strong>:\u00a0De media a elevada\u2028<br><strong>Resistencia a la compresi\u00f3n axial<\/strong>:\u00a0Valor medio 52-61 MPa\u2028<br><strong>Resistencia a la flexion:<\/strong>\u00a0Valor medio 106-108 MPa\u2028<br><strong>M\u00f3dulo de elasticidad:<\/strong>\u00a0Valor Medio 12,500 MPa\u2028<br><strong>Resistencia al impacto<\/strong>:\u00a0Buena\u2028<br><\/p>\n\n\n\n<p><strong>Flexibilidad: <\/strong>Aceptable<strong><br>Durabilidad:<\/strong> Buena<\/p>\n","protected":false},"featured_media":2253,"template":"","class_list":["post-2252","prodotto","type-prodotto","status-publish","has-post-thumbnail","hentry"],"acf":[],"yoast_head":"<!-- This site is optimized with the Yoast SEO plugin v25.7 - https:\/\/yoast.com\/wordpress\/plugins\/seo\/ -->\n<title>Roble Europeo | Lamel Legno<\/title>\n<meta name=\"robots\" content=\"index, follow, max-snippet:-1, max-image-preview:large, max-video-preview:-1\" \/>\n<link rel=\"canonical\" href=\"https:\/\/lamellegno.it\/es\/prodotto\/roble-europeo\/\" \/>\n<meta property=\"og:locale\" content=\"es_ES\" \/>\n<meta property=\"og:type\" content=\"article\" \/>\n<meta property=\"og:title\" content=\"Roble Europeo | Lamel Legno\" \/>\n<meta property=\"og:description\" content=\"DENOMINACI\u00f3N CIENT\u00edFICAQuercus spp. DESCRIPCIONES F\u00edSICAS Y MEC\u00c1NICASTextura:\u00a0\u00a0Gruesa\u2028Fibra:\u00a0Bastante recta y regularPeso espec\u00edfico medio:\u00a0720-800 kg\/m3\u2028Contracci\u00f3n: De medio a elevado\u2028Nerviosidad:\u00a0Alta \u2028Dureza:\u00a0De media a elevada\u2028Resistencia a la compresi\u00f3n axial:\u00a0Valor medio 52-61 MPa\u2028Resistencia a la flexion:\u00a0Valor medio 106-108 MPa\u2028M\u00f3dulo de elasticidad:\u00a0Valor Medio 12,500 MPa\u2028Resistencia al impacto:\u00a0Buena\u2028 Flexibilidad: AceptableDurabilidad: Buena\" \/>\n<meta property=\"og:url\" content=\"https:\/\/lamellegno.it\/es\/prodotto\/roble-europeo\/\" \/>\n<meta property=\"og:site_name\" content=\"Lamel Legno\" \/>\n<meta property=\"article:modified_time\" content=\"2025-03-07T16:15:01+00:00\" \/>\n<meta property=\"og:image\" content=\"https:\/\/lamellegno.it\/wp-content\/uploads\/2024\/03\/rovere_europeo-1.jpg\" \/>\n\t<meta property=\"og:image:width\" content=\"579\" \/>\n\t<meta property=\"og:image:height\" content=\"527\" \/>\n\t<meta property=\"og:image:type\" content=\"image\/jpeg\" \/>\n<meta name=\"twitter:card\" content=\"summary_large_image\" \/>\n<meta name=\"twitter:label1\" content=\"Tiempo de lectura\" \/>\n\t<meta name=\"twitter:data1\" content=\"1 minuto\" \/>\n<script type=\"application\/ld+json\" class=\"yoast-schema-graph\">{\"@context\":\"https:\/\/schema.org\",\"@graph\":[{\"@type\":\"WebPage\",\"@id\":\"https:\/\/lamellegno.it\/es\/prodotto\/roble-europeo\/\",\"url\":\"https:\/\/lamellegno.it\/es\/prodotto\/roble-europeo\/\",\"name\":\"Roble Europeo | Lamel Legno\",\"isPartOf\":{\"@id\":\"https:\/\/lamellegno.it\/#website\"},\"primaryImageOfPage\":{\"@id\":\"https:\/\/lamellegno.it\/es\/prodotto\/roble-europeo\/#primaryimage\"},\"image\":{\"@id\":\"https:\/\/lamellegno.it\/es\/prodotto\/roble-europeo\/#primaryimage\"},\"thumbnailUrl\":\"https:\/\/lamellegno.it\/wp-content\/uploads\/2024\/03\/rovere_europeo-1.jpg\",\"datePublished\":\"2024-03-12T11:14:17+00:00\",\"dateModified\":\"2025-03-07T16:15:01+00:00\",\"breadcrumb\":{\"@id\":\"https:\/\/lamellegno.it\/es\/prodotto\/roble-europeo\/#breadcrumb\"},\"inLanguage\":\"es\",\"potentialAction\":[{\"@type\":\"ReadAction\",\"target\":[\"https:\/\/lamellegno.it\/es\/prodotto\/roble-europeo\/\"]}]},{\"@type\":\"ImageObject\",\"inLanguage\":\"es\",\"@id\":\"https:\/\/lamellegno.it\/es\/prodotto\/roble-europeo\/#primaryimage\",\"url\":\"https:\/\/lamellegno.it\/wp-content\/uploads\/2024\/03\/rovere_europeo-1.jpg\",\"contentUrl\":\"https:\/\/lamellegno.it\/wp-content\/uploads\/2024\/03\/rovere_europeo-1.jpg\",\"width\":579,\"height\":527},{\"@type\":\"BreadcrumbList\",\"@id\":\"https:\/\/lamellegno.it\/es\/prodotto\/roble-europeo\/#breadcrumb\",\"itemListElement\":[{\"@type\":\"ListItem\",\"position\":1,\"name\":\"Home\",\"item\":\"https:\/\/lamellegno.it\/es\/\"},{\"@type\":\"ListItem\",\"position\":2,\"name\":\"Roble Europeo\"}]},{\"@type\":\"WebSite\",\"@id\":\"https:\/\/lamellegno.it\/#website\",\"url\":\"https:\/\/lamellegno.it\/\",\"name\":\"Lamel Legno\",\"description\":\"\",\"publisher\":{\"@id\":\"https:\/\/lamellegno.it\/#organization\"},\"potentialAction\":[{\"@type\":\"SearchAction\",\"target\":{\"@type\":\"EntryPoint\",\"urlTemplate\":\"https:\/\/lamellegno.it\/?s={search_term_string}\"},\"query-input\":{\"@type\":\"PropertyValueSpecification\",\"valueRequired\":true,\"valueName\":\"search_term_string\"}}],\"inLanguage\":\"es\"},{\"@type\":\"Organization\",\"@id\":\"https:\/\/lamellegno.it\/#organization\",\"name\":\"Lamel Legno\",\"url\":\"https:\/\/lamellegno.it\/\",\"logo\":{\"@type\":\"ImageObject\",\"inLanguage\":\"es\",\"@id\":\"https:\/\/lamellegno.it\/#\/schema\/logo\/image\/\",\"url\":\"https:\/\/lamellegno.it\/wp-content\/uploads\/2024\/03\/logo.png\",\"contentUrl\":\"https:\/\/lamellegno.it\/wp-content\/uploads\/2024\/03\/logo.png\",\"width\":112,\"height\":102,\"caption\":\"Lamel Legno\"},\"image\":{\"@id\":\"https:\/\/lamellegno.it\/#\/schema\/logo\/image\/\"},\"sameAs\":[\"https:\/\/www.linkedin.com\/company\/lamellegno\/\"]}]}<\/script>\n<!-- \/ Yoast SEO plugin. -->","yoast_head_json":{"title":"Roble Europeo | Lamel Legno","robots":{"index":"index","follow":"follow","max-snippet":"max-snippet:-1","max-image-preview":"max-image-preview:large","max-video-preview":"max-video-preview:-1"},"canonical":"https:\/\/lamellegno.it\/es\/prodotto\/roble-europeo\/","og_locale":"es_ES","og_type":"article","og_title":"Roble Europeo | Lamel Legno","og_description":"DENOMINACI\u00f3N CIENT\u00edFICAQuercus spp. DESCRIPCIONES F\u00edSICAS Y MEC\u00c1NICASTextura:\u00a0\u00a0Gruesa\u2028Fibra:\u00a0Bastante recta y regularPeso espec\u00edfico medio:\u00a0720-800 kg\/m3\u2028Contracci\u00f3n: De medio a elevado\u2028Nerviosidad:\u00a0Alta \u2028Dureza:\u00a0De media a elevada\u2028Resistencia a la compresi\u00f3n axial:\u00a0Valor medio 52-61 MPa\u2028Resistencia a la flexion:\u00a0Valor medio 106-108 MPa\u2028M\u00f3dulo de elasticidad:\u00a0Valor Medio 12,500 MPa\u2028Resistencia al impacto:\u00a0Buena\u2028 Flexibilidad: AceptableDurabilidad: Buena","og_url":"https:\/\/lamellegno.it\/es\/prodotto\/roble-europeo\/","og_site_name":"Lamel Legno","article_modified_time":"2025-03-07T16:15:01+00:00","og_image":[{"width":579,"height":527,"url":"https:\/\/lamellegno.it\/wp-content\/uploads\/2024\/03\/rovere_europeo-1.jpg","type":"image\/jpeg"}],"twitter_card":"summary_large_image","twitter_misc":{"Tiempo de lectura":"1 minuto"},"schema":{"@context":"https:\/\/schema.org","@graph":[{"@type":"WebPage","@id":"https:\/\/lamellegno.it\/es\/prodotto\/roble-europeo\/","url":"https:\/\/lamellegno.it\/es\/prodotto\/roble-europeo\/","name":"Roble Europeo | Lamel Legno","isPartOf":{"@id":"https:\/\/lamellegno.it\/#website"},"primaryImageOfPage":{"@id":"https:\/\/lamellegno.it\/es\/prodotto\/roble-europeo\/#primaryimage"},"image":{"@id":"https:\/\/lamellegno.it\/es\/prodotto\/roble-europeo\/#primaryimage"},"thumbnailUrl":"https:\/\/lamellegno.it\/wp-content\/uploads\/2024\/03\/rovere_europeo-1.jpg","datePublished":"2024-03-12T11:14:17+00:00","dateModified":"2025-03-07T16:15:01+00:00","breadcrumb":{"@id":"https:\/\/lamellegno.it\/es\/prodotto\/roble-europeo\/#breadcrumb"},"inLanguage":"es","potentialAction":[{"@type":"ReadAction","target":["https:\/\/lamellegno.it\/es\/prodotto\/roble-europeo\/"]}]},{"@type":"ImageObject","inLanguage":"es","@id":"https:\/\/lamellegno.it\/es\/prodotto\/roble-europeo\/#primaryimage","url":"https:\/\/lamellegno.it\/wp-content\/uploads\/2024\/03\/rovere_europeo-1.jpg","contentUrl":"https:\/\/lamellegno.it\/wp-content\/uploads\/2024\/03\/rovere_europeo-1.jpg","width":579,"height":527},{"@type":"BreadcrumbList","@id":"https:\/\/lamellegno.it\/es\/prodotto\/roble-europeo\/#breadcrumb","itemListElement":[{"@type":"ListItem","position":1,"name":"Home","item":"https:\/\/lamellegno.it\/es\/"},{"@type":"ListItem","position":2,"name":"Roble Europeo"}]},{"@type":"WebSite","@id":"https:\/\/lamellegno.it\/#website","url":"https:\/\/lamellegno.it\/","name":"Lamel Legno","description":"","publisher":{"@id":"https:\/\/lamellegno.it\/#organization"},"potentialAction":[{"@type":"SearchAction","target":{"@type":"EntryPoint","urlTemplate":"https:\/\/lamellegno.it\/?s={search_term_string}"},"query-input":{"@type":"PropertyValueSpecification","valueRequired":true,"valueName":"search_term_string"}}],"inLanguage":"es"},{"@type":"Organization","@id":"https:\/\/lamellegno.it\/#organization","name":"Lamel Legno","url":"https:\/\/lamellegno.it\/","logo":{"@type":"ImageObject","inLanguage":"es","@id":"https:\/\/lamellegno.it\/#\/schema\/logo\/image\/","url":"https:\/\/lamellegno.it\/wp-content\/uploads\/2024\/03\/logo.png","contentUrl":"https:\/\/lamellegno.it\/wp-content\/uploads\/2024\/03\/logo.png","width":112,"height":102,"caption":"Lamel Legno"},"image":{"@id":"https:\/\/lamellegno.it\/#\/schema\/logo\/image\/"},"sameAs":["https:\/\/www.linkedin.com\/company\/lamellegno\/"]}]}},"_links":{"self":[{"href":"https:\/\/lamellegno.it\/es\/wp-json\/wp\/v2\/prodotto\/2252","targetHints":{"allow":["GET"]}}],"collection":[{"href":"https:\/\/lamellegno.it\/es\/wp-json\/wp\/v2\/prodotto"}],"about":[{"href":"https:\/\/lamellegno.it\/es\/wp-json\/wp\/v2\/types\/prodotto"}],"wp:featuredmedia":[{"embeddable":true,"href":"https:\/\/lamellegno.it\/es\/wp-json\/wp\/v2\/media\/2253"}],"wp:attachment":[{"href":"https:\/\/lamellegno.it\/es\/wp-json\/wp\/v2\/media?parent=2252"}],"curies":[{"name":"wp","href":"https:\/\/api.w.org\/{rel}","templated":true}]}}